{"id":1900,"date":"2022-03-31T10:21:55","date_gmt":"2022-03-31T08:21:55","guid":{"rendered":"https:\/\/unceasingsolutions.com\/?post_type=miesto&#038;p=1900"},"modified":"2022-03-31T10:30:45","modified_gmt":"2022-03-31T08:30:45","slug":"kosciol-sw-marcina-w-lipanach","status":"publish","type":"miesto","link":"https:\/\/svatomarianskaput.sk\/pl\/miesto\/kosciol-sw-marcina-w-lipanach\/","title":{"rendered":"Ko\u015bci\u00f3\u0142 \u015bw. Marcina w Lipanach"},"content":{"rendered":"\n<p>W XIV wieku Lipany sta\u0142y si\u0119 miastem pa\u0144szczy\u017anianym i z tego okresu pochodzi fundament ko\u015bcio\u0142a. Za za\u0142o\u017cyciela uwa\u017ca si\u0119 Rikolfa II z Kamienic, kt\u00f3ry zmar\u0142 w 1360 r. W tym czasie by\u0142 on ju\u017c po\u015bwi\u0119cony biskupowi Martinowi z Tours. Za datowaniem powstania ko\u015bcio\u0142a na ten czas przemawia r\u00f3wnie\u017c fakt, \u017ce w pierwszej pisemnej wzmiance o mie\u015bcie z 1312 r. wymieniony jest proboszcz Henryk z Lipian (de Septem Thyliis). Przyjmuje si\u0119 jednak, \u017ce Lipany by\u0142y parafi\u0105 w wicearchidiakonacie ju\u017c w 1302 r. i wcze\u015bniej.<\/p>\n\n\n\n<p>Do tego miasta przeniesiono siedzib\u0119 administracji dworu z zamku nad wsi\u0105 Kamenica. Przyczyn\u0105 tego by\u0142o wa\u017cne po\u0142o\u017cenie miasta na wa\u017cnym szlaku handlowym, kt\u00f3ry rozga\u0142\u0119zia\u0142 si\u0119 w dolinie rzeki Torysy w kierunku Starej Lubowli i potoku Lipa\u0144skiego do prze\u0142\u0119czy i doliny Popradu w pobli\u017cu Plav\u010da. Obszar dworski by\u0142 zwi\u0105zany z trzema wa\u017cnymi rodami w\u0119gierskimi &#8211; najpierw w \u015bredniowieczu z rodzin\u0105 Tarczay, a nast\u0119pnie od XVII wieku z rodzinami Desewffy (lub De\u017eofy lub w\u0142a\u015bciciele ziemscy z \u010cernek) i Szirmay.<\/p>\n\n\n\n<p>Najwi\u0119ksze zas\u0142ugi w renowacji ko\u015bcio\u0142a ma Mikul\u00e1\u0161 Tarczay, kt\u00f3ry poleg\u0142 w walce z Turkami w bitwie pod Moh\u00e1cs w 1526 roku.<\/p>\n\n\n\n<div class=\"wp-block-image\"><figure class=\"alignleft size-large is-resized\"><div class=\"content-image\" >\r\n    <a data-fancybox=\"lightbox\" href=\"https:\/\/svatomarianskaput.sk\/wp-content\/uploads\/2021\/06\/lipany123-thumb-500x300-1.jpg\"><img fetchpriority=\"high\" decoding=\"async\" src=\"https:\/\/svatomarianskaput.sk\/wp-content\/uploads\/2021\/06\/lipany123-thumb-500x300-1.jpg\" alt=\"\" class=\"wp-image-681\" width=\"391\" height=\"235\"\/><\/a><\/div><\/figure><\/div>\n\n\n\n<p>Po wyga\u015bni\u0119ciu rodu Tarczay\u00f3w \u00f3wczesny w\u0142adca Ferdynand I. Habsburg\u00f3w w 1556 r. Janowi Desewffy de Czernek. W tym okresie szerzy\u0142a si\u0119 reformacja i oko\u0142o 1589 r. mieszka\u0144cy &#8211; pocz\u0105tkowo rzymscy katolicy &#8211; stali si\u0119 ewangelikami. W ci\u0105gu dw\u00f3ch stuleci ko\u015bci\u00f3\u0142 trzykrotnie zosta\u0142 uznany za ewangelicki &#8211; w latach 1598-1672, 1680-1691 i 1693-1748. Do tego okresu nale\u017c\u0105 liczne remonty ko\u015bcio\u0142a i renowacja z 1691 r., kt\u00f3re by\u0142y spowodowane walkami religijnymi.<\/p>\n\n\n\n<p>W XVII w. przebudowano wie\u017c\u0119 ko\u015bcieln\u0105, kt\u00f3ra wraz ze szczytem nawy zosta\u0142a klasycznie zmieniona.<\/p>\n\n\n\n<p>Pod naciskiem rodziny Szirmay\u00f3w i Stefana Desewffy&#8217;ego, w czasie rekatolicyzacji Lipany ponownie sta\u0142y si\u0119 miastem katolickim. 15 marca 1748 r. Ko\u015bci\u00f3\u0142 ponownie przeszed\u0142 pod zarz\u0105d katolicki. Nie zmieni\u0142o si\u0119 to do dnia dzisiejszego.<\/p>\n\n\n\n<p>W XVIII w. do ko\u015bcio\u0142a dobudowano oba przedsionki wej\u015bciowe i zakrysti\u0119 po stronie p\u00f3\u0142nocnej.<\/p>\n\n\n\n<p>W 1888 r. ko\u015bci\u00f3\u0142 sp\u0142on\u0105\u0142, a w latach 1888-89 zosta\u0142 odbudowany i przemalowany w tradycyjnym stylu wschodnios\u0142owackiej architektury sakralnej z lat 1770-1830 z przewag\u0105 element\u00f3w klasycystycznych.<\/p>\n\n\n\n<p>W 1937 r. wie\u017ca zosta\u0142a poddana kolejnym remontom, do kt\u00f3rych rada miejska wybra\u0142a pochodz\u0105cego z Lipian Maximiliana Hudego. Blaszany dach wie\u017cy zosta\u0142 ocynkowany i zbudowano piorunochron.<\/p>\n\n\n\n<p>W latach 70. XX wieku zmieniono pokrycie dachowe z blaszanego na miedziane.<\/p>\n\n\n\n<p>W 1990 r. przywr\u00f3cono dawny uk\u0142ad dekanat\u00f3w diecezji koszyckiej sprzed okresu komunizmu. W 2002 roku na dziekanatach pojawi\u0142y si\u0119 nowe herby, zaprojektowane przez Zdenka G. Aleksy. W herbie Lipian znajduj\u0105 si\u0119 srebrno-z\u0142ote fale oraz motyw \u015bw. Marcina &#8211; herb przedstawia miecz i p\u0142aszcz \u015bwi\u0119tego. Dla diecezji koszyckiej stworzono dwa rodzaje herb\u00f3w. Na du\u017cej z nich znajduje si\u0119 herb diecezji, a po\u015brodku tarcza w kszta\u0142cie serca z herbem samego dekanatu. Ma\u0142y sk\u0142ada si\u0119 wy\u0142\u0105cznie z herbu dekanatu.<\/p>\n\n\n\n<p>Ostatnia gruntowna przebudowa i modernizacja ko\u015bcio\u0142a zosta\u0142a przeprowadzona w latach 2005-2007 dzi\u0119ki proboszczowi Vladim\u00edrowi \u0160ost\u00e1kowi, kiedy to trzeba by\u0142o upora\u0107 si\u0119 z wilgoci\u0105, brakiem ogrzewania i niewystarczaj\u0105c\u0105 wentylacj\u0105. W 2009 r. w wie\u017cy zainstalowano nowy dzwon oraz nowe o\u015bwietlenie.<\/p>\n","protected":false},"featured_media":681,"template":"","navstevnik":[154,156,158,160],"zaujmy":[117,119,125,123,129],"lokalita":[101],"class_list":["post-1900","miesto","type-miesto","status-publish","has-post-thumbnail","hentry","navstevnik-farnost-pl","navstevnik-priatelia-pl","navstevnik-rodina-pl","navstevnik-single-pl","zaujmy-katolicka-cirkev-pl","zaujmy-kostoly-pl","zaujmy-modlitebne-pl","zaujmy-modlitby-pl","zaujmy-pamiatky-pl","lokalita-lutina-pl"],"acf":[],"yoast_head":"<!-- This site is optimized with the Yoast SEO plugin v27.3 - https:\/\/yoast.com\/product\/yoast-seo-wordpress\/ -->\n<title>Ko\u015bci\u00f3\u0142 \u015bw. Marcina w Lipanach - Sv\u00e4tomari\u00e1nska p\u00fa\u0165<\/title>\n<meta name=\"robots\" content=\"index, follow, max-snippet:-1, max-image-preview:large, max-video-preview:-1\" \/>\n<link rel=\"canonical\" href=\"https:\/\/svatomarianskaput.sk\/pl\/miesto\/kosciol-sw-marcina-w-lipanach\/\" \/>\n<meta property=\"og:locale\" content=\"pl_PL\" \/>\n<meta property=\"og:type\" content=\"article\" \/>\n<meta property=\"og:title\" content=\"Ko\u015bci\u00f3\u0142 \u015bw. Marcina w Lipanach - Sv\u00e4tomari\u00e1nska p\u00fa\u0165\" \/>\n<meta property=\"og:description\" content=\"W XIV wieku Lipany sta\u0142y si\u0119 miastem pa\u0144szczy\u017anianym i z tego okresu pochodzi fundament ko\u015bcio\u0142a. Za za\u0142o\u017cyciela uwa\u017ca si\u0119 Rikolfa II z Kamienic, kt\u00f3ry zmar\u0142 w 1360 r. W tym czasie by\u0142 on ju\u017c po\u015bwi\u0119cony biskupowi Martinowi z Tours. Za datowaniem powstania ko\u015bcio\u0142a na ten czas przemawia r\u00f3wnie\u017c fakt, \u017ce w pierwszej pisemnej wzmiance o [&hellip;]\" \/>\n<meta property=\"og:url\" content=\"https:\/\/svatomarianskaput.sk\/pl\/miesto\/kosciol-sw-marcina-w-lipanach\/\" \/>\n<meta property=\"og:site_name\" content=\"Sv\u00e4tomari\u00e1nska p\u00fa\u0165\" \/>\n<meta property=\"article:modified_time\" content=\"2022-03-31T08:30:45+00:00\" \/>\n<meta property=\"og:image\" content=\"https:\/\/svatomarianskaput.sk\/wp-content\/uploads\/2021\/06\/lipany123-thumb-500x300-1.jpg\" \/>\n\t<meta property=\"og:image:width\" content=\"500\" \/>\n\t<meta property=\"og:image:height\" content=\"300\" \/>\n\t<meta property=\"og:image:type\" content=\"image\/jpeg\" \/>\n<meta name=\"twitter:card\" content=\"summary_large_image\" \/>\n<meta name=\"twitter:label1\" content=\"Szacowany czas czytania\" \/>\n\t<meta name=\"twitter:data1\" content=\"3 minuty\" \/>\n<script type=\"application\/ld+json\" class=\"yoast-schema-graph\">{\"@context\":\"https:\\\/\\\/schema.org\",\"@graph\":[{\"@type\":\"WebPage\",\"@id\":\"https:\\\/\\\/svatomarianskaput.sk\\\/pl\\\/miesto\\\/kosciol-sw-marcina-w-lipanach\\\/\",\"url\":\"https:\\\/\\\/svatomarianskaput.sk\\\/pl\\\/miesto\\\/kosciol-sw-marcina-w-lipanach\\\/\",\"name\":\"Ko\u015bci\u00f3\u0142 \u015bw. Marcina w Lipanach - Sv\u00e4tomari\u00e1nska p\u00fa\u0165\",\"isPartOf\":{\"@id\":\"https:\\\/\\\/svatomarianskaput.sk\\\/pl\\\/#website\"},\"primaryImageOfPage\":{\"@id\":\"https:\\\/\\\/svatomarianskaput.sk\\\/pl\\\/miesto\\\/kosciol-sw-marcina-w-lipanach\\\/#primaryimage\"},\"image\":{\"@id\":\"https:\\\/\\\/svatomarianskaput.sk\\\/pl\\\/miesto\\\/kosciol-sw-marcina-w-lipanach\\\/#primaryimage\"},\"thumbnailUrl\":\"https:\\\/\\\/svatomarianskaput.sk\\\/wp-content\\\/uploads\\\/2021\\\/06\\\/lipany123-thumb-500x300-1.jpg\",\"datePublished\":\"2022-03-31T08:21:55+00:00\",\"dateModified\":\"2022-03-31T08:30:45+00:00\",\"breadcrumb\":{\"@id\":\"https:\\\/\\\/svatomarianskaput.sk\\\/pl\\\/miesto\\\/kosciol-sw-marcina-w-lipanach\\\/#breadcrumb\"},\"inLanguage\":\"pl-PL\",\"potentialAction\":[{\"@type\":\"ReadAction\",\"target\":[\"https:\\\/\\\/svatomarianskaput.sk\\\/pl\\\/miesto\\\/kosciol-sw-marcina-w-lipanach\\\/\"]}]},{\"@type\":\"ImageObject\",\"inLanguage\":\"pl-PL\",\"@id\":\"https:\\\/\\\/svatomarianskaput.sk\\\/pl\\\/miesto\\\/kosciol-sw-marcina-w-lipanach\\\/#primaryimage\",\"url\":\"https:\\\/\\\/svatomarianskaput.sk\\\/wp-content\\\/uploads\\\/2021\\\/06\\\/lipany123-thumb-500x300-1.jpg\",\"contentUrl\":\"https:\\\/\\\/svatomarianskaput.sk\\\/wp-content\\\/uploads\\\/2021\\\/06\\\/lipany123-thumb-500x300-1.jpg\",\"width\":500,\"height\":300},{\"@type\":\"BreadcrumbList\",\"@id\":\"https:\\\/\\\/svatomarianskaput.sk\\\/pl\\\/miesto\\\/kosciol-sw-marcina-w-lipanach\\\/#breadcrumb\",\"itemListElement\":[{\"@type\":\"ListItem\",\"position\":1,\"name\":\"Domovsk\u00e1 str\u00e1nka\",\"item\":\"https:\\\/\\\/svatomarianskaput.sk\\\/pl\\\/\"},{\"@type\":\"ListItem\",\"position\":2,\"name\":\"Miejsca\",\"item\":\"https:\\\/\\\/svatomarianskaput.sk\\\/pl\\\/miesta\\\/\"},{\"@type\":\"ListItem\",\"position\":3,\"name\":\"Ko\u015bci\u00f3\u0142 \u015bw. Marcina w Lipanach\"}]},{\"@type\":\"WebSite\",\"@id\":\"https:\\\/\\\/svatomarianskaput.sk\\\/pl\\\/#website\",\"url\":\"https:\\\/\\\/svatomarianskaput.sk\\\/pl\\\/\",\"name\":\"Sv\u00e4tomari\u00e1nska p\u00fa\u0165\",\"description\":\"Vydaj sa na cestu (seba)poznania\",\"publisher\":{\"@id\":\"https:\\\/\\\/svatomarianskaput.sk\\\/pl\\\/#organization\"},\"potentialAction\":[{\"@type\":\"SearchAction\",\"target\":{\"@type\":\"EntryPoint\",\"urlTemplate\":\"https:\\\/\\\/svatomarianskaput.sk\\\/pl\\\/?s={search_term_string}\"},\"query-input\":{\"@type\":\"PropertyValueSpecification\",\"valueRequired\":true,\"valueName\":\"search_term_string\"}}],\"inLanguage\":\"pl-PL\"},{\"@type\":\"Organization\",\"@id\":\"https:\\\/\\\/svatomarianskaput.sk\\\/pl\\\/#organization\",\"name\":\"Sv\u00e4tomari\u00e1nska p\u00fa\u0165\",\"url\":\"https:\\\/\\\/svatomarianskaput.sk\\\/pl\\\/\",\"logo\":{\"@type\":\"ImageObject\",\"inLanguage\":\"pl-PL\",\"@id\":\"https:\\\/\\\/svatomarianskaput.sk\\\/pl\\\/#\\\/schema\\\/logo\\\/image\\\/\",\"url\":\"https:\\\/\\\/svatomarianskaput.sk\\\/wp-content\\\/uploads\\\/2022\\\/05\\\/logo-sk.svg\",\"contentUrl\":\"https:\\\/\\\/svatomarianskaput.sk\\\/wp-content\\\/uploads\\\/2022\\\/05\\\/logo-sk.svg\",\"caption\":\"Sv\u00e4tomari\u00e1nska p\u00fa\u0165\"},\"image\":{\"@id\":\"https:\\\/\\\/svatomarianskaput.sk\\\/pl\\\/#\\\/schema\\\/logo\\\/image\\\/\"}}]}<\/script>\n<!-- \/ Yoast SEO plugin. -->","yoast_head_json":{"title":"Ko\u015bci\u00f3\u0142 \u015bw. Marcina w Lipanach - Sv\u00e4tomari\u00e1nska p\u00fa\u0165","robots":{"index":"index","follow":"follow","max-snippet":"max-snippet:-1","max-image-preview":"max-image-preview:large","max-video-preview":"max-video-preview:-1"},"canonical":"https:\/\/svatomarianskaput.sk\/pl\/miesto\/kosciol-sw-marcina-w-lipanach\/","og_locale":"pl_PL","og_type":"article","og_title":"Ko\u015bci\u00f3\u0142 \u015bw. Marcina w Lipanach - Sv\u00e4tomari\u00e1nska p\u00fa\u0165","og_description":"W XIV wieku Lipany sta\u0142y si\u0119 miastem pa\u0144szczy\u017anianym i z tego okresu pochodzi fundament ko\u015bcio\u0142a. Za za\u0142o\u017cyciela uwa\u017ca si\u0119 Rikolfa II z Kamienic, kt\u00f3ry zmar\u0142 w 1360 r. W tym czasie by\u0142 on ju\u017c po\u015bwi\u0119cony biskupowi Martinowi z Tours. Za datowaniem powstania ko\u015bcio\u0142a na ten czas przemawia r\u00f3wnie\u017c fakt, \u017ce w pierwszej pisemnej wzmiance o [&hellip;]","og_url":"https:\/\/svatomarianskaput.sk\/pl\/miesto\/kosciol-sw-marcina-w-lipanach\/","og_site_name":"Sv\u00e4tomari\u00e1nska p\u00fa\u0165","article_modified_time":"2022-03-31T08:30:45+00:00","og_image":[{"width":500,"height":300,"url":"https:\/\/svatomarianskaput.sk\/wp-content\/uploads\/2021\/06\/lipany123-thumb-500x300-1.jpg","type":"image\/jpeg"}],"twitter_card":"summary_large_image","twitter_misc":{"Szacowany czas czytania":"3 minuty"},"schema":{"@context":"https:\/\/schema.org","@graph":[{"@type":"WebPage","@id":"https:\/\/svatomarianskaput.sk\/pl\/miesto\/kosciol-sw-marcina-w-lipanach\/","url":"https:\/\/svatomarianskaput.sk\/pl\/miesto\/kosciol-sw-marcina-w-lipanach\/","name":"Ko\u015bci\u00f3\u0142 \u015bw. Marcina w Lipanach - Sv\u00e4tomari\u00e1nska p\u00fa\u0165","isPartOf":{"@id":"https:\/\/svatomarianskaput.sk\/pl\/#website"},"primaryImageOfPage":{"@id":"https:\/\/svatomarianskaput.sk\/pl\/miesto\/kosciol-sw-marcina-w-lipanach\/#primaryimage"},"image":{"@id":"https:\/\/svatomarianskaput.sk\/pl\/miesto\/kosciol-sw-marcina-w-lipanach\/#primaryimage"},"thumbnailUrl":"https:\/\/svatomarianskaput.sk\/wp-content\/uploads\/2021\/06\/lipany123-thumb-500x300-1.jpg","datePublished":"2022-03-31T08:21:55+00:00","dateModified":"2022-03-31T08:30:45+00:00","breadcrumb":{"@id":"https:\/\/svatomarianskaput.sk\/pl\/miesto\/kosciol-sw-marcina-w-lipanach\/#breadcrumb"},"inLanguage":"pl-PL","potentialAction":[{"@type":"ReadAction","target":["https:\/\/svatomarianskaput.sk\/pl\/miesto\/kosciol-sw-marcina-w-lipanach\/"]}]},{"@type":"ImageObject","inLanguage":"pl-PL","@id":"https:\/\/svatomarianskaput.sk\/pl\/miesto\/kosciol-sw-marcina-w-lipanach\/#primaryimage","url":"https:\/\/svatomarianskaput.sk\/wp-content\/uploads\/2021\/06\/lipany123-thumb-500x300-1.jpg","contentUrl":"https:\/\/svatomarianskaput.sk\/wp-content\/uploads\/2021\/06\/lipany123-thumb-500x300-1.jpg","width":500,"height":300},{"@type":"BreadcrumbList","@id":"https:\/\/svatomarianskaput.sk\/pl\/miesto\/kosciol-sw-marcina-w-lipanach\/#breadcrumb","itemListElement":[{"@type":"ListItem","position":1,"name":"Domovsk\u00e1 str\u00e1nka","item":"https:\/\/svatomarianskaput.sk\/pl\/"},{"@type":"ListItem","position":2,"name":"Miejsca","item":"https:\/\/svatomarianskaput.sk\/pl\/miesta\/"},{"@type":"ListItem","position":3,"name":"Ko\u015bci\u00f3\u0142 \u015bw. Marcina w Lipanach"}]},{"@type":"WebSite","@id":"https:\/\/svatomarianskaput.sk\/pl\/#website","url":"https:\/\/svatomarianskaput.sk\/pl\/","name":"Sv\u00e4tomari\u00e1nska p\u00fa\u0165","description":"Vydaj sa na cestu (seba)poznania","publisher":{"@id":"https:\/\/svatomarianskaput.sk\/pl\/#organization"},"potentialAction":[{"@type":"SearchAction","target":{"@type":"EntryPoint","urlTemplate":"https:\/\/svatomarianskaput.sk\/pl\/?s={search_term_string}"},"query-input":{"@type":"PropertyValueSpecification","valueRequired":true,"valueName":"search_term_string"}}],"inLanguage":"pl-PL"},{"@type":"Organization","@id":"https:\/\/svatomarianskaput.sk\/pl\/#organization","name":"Sv\u00e4tomari\u00e1nska p\u00fa\u0165","url":"https:\/\/svatomarianskaput.sk\/pl\/","logo":{"@type":"ImageObject","inLanguage":"pl-PL","@id":"https:\/\/svatomarianskaput.sk\/pl\/#\/schema\/logo\/image\/","url":"https:\/\/svatomarianskaput.sk\/wp-content\/uploads\/2022\/05\/logo-sk.svg","contentUrl":"https:\/\/svatomarianskaput.sk\/wp-content\/uploads\/2022\/05\/logo-sk.svg","caption":"Sv\u00e4tomari\u00e1nska p\u00fa\u0165"},"image":{"@id":"https:\/\/svatomarianskaput.sk\/pl\/#\/schema\/logo\/image\/"}}]}},"_links":{"self":[{"href":"https:\/\/svatomarianskaput.sk\/pl\/wp-json\/wp\/v2\/miesto\/1900","targetHints":{"allow":["GET"]}}],"collection":[{"href":"https:\/\/svatomarianskaput.sk\/pl\/wp-json\/wp\/v2\/miesto"}],"about":[{"href":"https:\/\/svatomarianskaput.sk\/pl\/wp-json\/wp\/v2\/types\/miesto"}],"wp:featuredmedia":[{"embeddable":true,"href":"https:\/\/svatomarianskaput.sk\/pl\/wp-json\/wp\/v2\/media\/681"}],"wp:attachment":[{"href":"https:\/\/svatomarianskaput.sk\/pl\/wp-json\/wp\/v2\/media?parent=1900"}],"wp:term":[{"taxonomy":"navstevnik","embeddable":true,"href":"https:\/\/svatomarianskaput.sk\/pl\/wp-json\/wp\/v2\/navstevnik?post=1900"},{"taxonomy":"zaujmy","embeddable":true,"href":"https:\/\/svatomarianskaput.sk\/pl\/wp-json\/wp\/v2\/zaujmy?post=1900"},{"taxonomy":"lokalita","embeddable":true,"href":"https:\/\/svatomarianskaput.sk\/pl\/wp-json\/wp\/v2\/lokalita?post=1900"}],"curies":[{"name":"wp","href":"https:\/\/api.w.org\/{rel}","templated":true}]}}