{"id":1916,"date":"2022-04-01T14:37:00","date_gmt":"2022-04-01T12:37:00","guid":{"rendered":"https:\/\/unceasingsolutions.com\/?post_type=miesto&#038;p=1916"},"modified":"2022-04-01T15:29:42","modified_gmt":"2022-04-01T13:29:42","slug":"greckokatolicki-kosciol-sw-petra-i-pavla","status":"publish","type":"miesto","link":"https:\/\/svatomarianskaput.sk\/pl\/miesto\/greckokatolicki-kosciol-sw-petra-i-pavla\/","title":{"rendered":"Greckokatolicki ko\u015bci\u00f3\u0142 \u015bw. Piotra i Paw\u0142a"},"content":{"rendered":"\n<p><strong>Ko\u015bci\u00f3\u0142 \u015bw. Piotra i Paw\u0142a w Bardejowie zosta\u0142 zbudowany w po\u0142udniowej cz\u0119\u015bci dawnej fosy (obecnie ulica Jir\u00e1ska) w latach 1901-1902.<\/strong><\/p>\n\n\n\n<div style=\"height:47px\" aria-hidden=\"true\" class=\"wp-block-spacer\"><\/div>\n\n\n\n<p>Ko\u015bci\u00f3\u0142 jest pod\u0142u\u017cny, jednonawowy, z wielobocznym prezbiterium, sklepiony sklepieniami pruskimi.&nbsp;Ko\u015bci\u00f3\u0142 ma trzy wie\u017ce, z kt\u00f3rych dwie tworz\u0105 fasad\u0119 wej\u015bciow\u0105. W lewej wie\u017cy znajduj\u0105 si\u0119 dwa dzwony &#8211; Miko\u0142aj i Maria.<\/p>\n\n\n\n<div style=\"height:30px\" aria-hidden=\"true\" class=\"wp-block-spacer\"><\/div>\n\n\n\n<p>Wn\u0119trze \u015bwi\u0105tyni sk\u0142ada si\u0119 z trzech cz\u0119\u015bci &#8211; narteksu, nawy g\u0142\u00f3wnej i sanktuarium. O\u0142tarz g\u0142\u00f3wny pochodzi z 1903 r., a ikonostas z 1914 r.&nbsp;O\u0142tarz boczny z obrazem Matki Bo\u017cej zosta\u0142 zbudowany dla upami\u0119tnienia zako\u0144czenia I wojny \u015bwiatowej w 1920 r.&nbsp;Ambona w lewej cz\u0119\u015bci nawy pochodzi z 1947 roku.<\/p>\n\n\n\n<div style=\"height:31px\" aria-hidden=\"true\" class=\"wp-block-spacer\"><\/div>\n\n\n\n<p>Ko\u015bci\u00f3\u0142 \u015awi\u0119tych Aposto\u0142\u00f3w Piotra i Paw\u0142a w Bardejowie s\u0142u\u017cy wiernym katolikom obrz\u0105dku wschodniego, kt\u00f3rzy przybyli do Bardejowa g\u0142\u00f3wnie z okolicznych wsi ruskich.<\/p>\n\n\n\n<p>\u0179r\u00f3d\u0142o: <a href=\"https:\/\/www.bardejov.sk\/\nwww.visitbardejov.sk\">www.bardejov.sk,&nbsp;www.visitbardejov.sk<\/a><\/p>\n\n\n\n<div style=\"height:100px\" aria-hidden=\"true\" class=\"wp-block-spacer\"><\/div>\n\n\n\n<figure class=\"wp-block-gallery has-nested-images columns-default is-cropped wp-block-gallery-1 is-layout-flex wp-block-gallery-is-layout-flex\">\n<figure class=\"wp-block-image size-large\"><div class=\"content-image\" >\r\n    <a data-fancybox=\"lightbox\" href=\"https:\/\/svatomarianskaput.sk\/wp-content\/uploads\/2021\/08\/15347-kostol-sv-petra-a-pavla-bardejov-foto-wikipedia-draco-qqq-cc-by-3-0_full.jpg\"><img fetchpriority=\"high\" decoding=\"async\" width=\"800\" height=\"600\" data-id=\"1471\" src=\"https:\/\/svatomarianskaput.sk\/wp-content\/uploads\/2021\/08\/15347-kostol-sv-petra-a-pavla-bardejov-foto-wikipedia-draco-qqq-cc-by-3-0_full.jpg\" alt=\"\" class=\"wp-image-1471\" srcset=\"https:\/\/svatomarianskaput.sk\/wp-content\/uploads\/2021\/08\/15347-kostol-sv-petra-a-pavla-bardejov-foto-wikipedia-draco-qqq-cc-by-3-0_full.jpg 800w, https:\/\/svatomarianskaput.sk\/wp-content\/uploads\/2021\/08\/15347-kostol-sv-petra-a-pavla-bardejov-foto-wikipedia-draco-qqq-cc-by-3-0_full-500x375.jpg 500w, https:\/\/svatomarianskaput.sk\/wp-content\/uploads\/2021\/08\/15347-kostol-sv-petra-a-pavla-bardejov-foto-wikipedia-draco-qqq-cc-by-3-0_full-768x576.jpg 768w\" sizes=\"(max-width: 800px) 100vw, 800px\" \/><\/a><\/div><figcaption>\u0179r\u00f3d\u0142o: https:\/\/www.severovychod.sk\/vylet\/kostol-sv-petra-a-pavla<\/figcaption><\/figure>\n<\/figure>\n\n\n\n<p><br><\/p>\n","protected":false},"featured_media":1471,"template":"","navstevnik":[154,156,158,160],"zaujmy":[115,109,117,119],"lokalita":[95],"class_list":["post-1916","miesto","type-miesto","status-publish","has-post-thumbnail","hentry","navstevnik-farnost-pl","navstevnik-priatelia-pl","navstevnik-rodina-pl","navstevnik-single-pl","zaujmy-kaplnky-pl","zaujmy-greckokatolicka-cirkev-pl","zaujmy-katolicka-cirkev-pl","zaujmy-kostoly-pl","lokalita-gaboltov-pl"],"acf":[],"yoast_head":"<!-- This site is optimized with the Yoast SEO plugin v27.3 - https:\/\/yoast.com\/product\/yoast-seo-wordpress\/ -->\n<title>Greckokatolicki ko\u015bci\u00f3\u0142 \u015bw. Piotra i Paw\u0142a - Sv\u00e4tomari\u00e1nska p\u00fa\u0165<\/title>\n<meta name=\"robots\" content=\"index, follow, max-snippet:-1, max-image-preview:large, max-video-preview:-1\" \/>\n<link rel=\"canonical\" href=\"https:\/\/svatomarianskaput.sk\/pl\/miesto\/greckokatolicki-kosciol-sw-petra-i-pavla\/\" \/>\n<meta property=\"og:locale\" content=\"pl_PL\" \/>\n<meta property=\"og:type\" content=\"article\" \/>\n<meta property=\"og:title\" content=\"Greckokatolicki ko\u015bci\u00f3\u0142 \u015bw. Piotra i Paw\u0142a - Sv\u00e4tomari\u00e1nska p\u00fa\u0165\" \/>\n<meta property=\"og:description\" content=\"Ko\u015bci\u00f3\u0142 \u015bw. Piotra i Paw\u0142a w Bardejowie zosta\u0142 zbudowany w po\u0142udniowej cz\u0119\u015bci dawnej fosy (obecnie ulica Jir\u00e1ska) w latach 1901-1902. Ko\u015bci\u00f3\u0142 jest pod\u0142u\u017cny, jednonawowy, z wielobocznym prezbiterium, sklepiony sklepieniami pruskimi.&nbsp;Ko\u015bci\u00f3\u0142 ma trzy wie\u017ce, z kt\u00f3rych dwie tworz\u0105 fasad\u0119 wej\u015bciow\u0105. W lewej wie\u017cy znajduj\u0105 si\u0119 dwa dzwony &#8211; Miko\u0142aj i Maria. Wn\u0119trze \u015bwi\u0105tyni sk\u0142ada si\u0119 z [&hellip;]\" \/>\n<meta property=\"og:url\" content=\"https:\/\/svatomarianskaput.sk\/pl\/miesto\/greckokatolicki-kosciol-sw-petra-i-pavla\/\" \/>\n<meta property=\"og:site_name\" content=\"Sv\u00e4tomari\u00e1nska p\u00fa\u0165\" \/>\n<meta property=\"article:modified_time\" content=\"2022-04-01T13:29:42+00:00\" \/>\n<meta property=\"og:image\" content=\"https:\/\/svatomarianskaput.sk\/wp-content\/uploads\/2021\/08\/15347-kostol-sv-petra-a-pavla-bardejov-foto-wikipedia-draco-qqq-cc-by-3-0_full.jpg\" \/>\n\t<meta property=\"og:image:width\" content=\"800\" \/>\n\t<meta property=\"og:image:height\" content=\"600\" \/>\n\t<meta property=\"og:image:type\" content=\"image\/jpeg\" \/>\n<meta name=\"twitter:card\" content=\"summary_large_image\" \/>\n<meta name=\"twitter:label1\" content=\"Szacowany czas czytania\" \/>\n\t<meta name=\"twitter:data1\" content=\"1 minuta\" \/>\n<script type=\"application\/ld+json\" class=\"yoast-schema-graph\">{\"@context\":\"https:\\\/\\\/schema.org\",\"@graph\":[{\"@type\":\"WebPage\",\"@id\":\"https:\\\/\\\/svatomarianskaput.sk\\\/pl\\\/miesto\\\/greckokatolicki-kosciol-sw-petra-i-pavla\\\/\",\"url\":\"https:\\\/\\\/svatomarianskaput.sk\\\/pl\\\/miesto\\\/greckokatolicki-kosciol-sw-petra-i-pavla\\\/\",\"name\":\"Greckokatolicki ko\u015bci\u00f3\u0142 \u015bw. Piotra i Paw\u0142a - Sv\u00e4tomari\u00e1nska p\u00fa\u0165\",\"isPartOf\":{\"@id\":\"https:\\\/\\\/svatomarianskaput.sk\\\/pl\\\/#website\"},\"primaryImageOfPage\":{\"@id\":\"https:\\\/\\\/svatomarianskaput.sk\\\/pl\\\/miesto\\\/greckokatolicki-kosciol-sw-petra-i-pavla\\\/#primaryimage\"},\"image\":{\"@id\":\"https:\\\/\\\/svatomarianskaput.sk\\\/pl\\\/miesto\\\/greckokatolicki-kosciol-sw-petra-i-pavla\\\/#primaryimage\"},\"thumbnailUrl\":\"https:\\\/\\\/svatomarianskaput.sk\\\/wp-content\\\/uploads\\\/2021\\\/08\\\/15347-kostol-sv-petra-a-pavla-bardejov-foto-wikipedia-draco-qqq-cc-by-3-0_full.jpg\",\"datePublished\":\"2022-04-01T12:37:00+00:00\",\"dateModified\":\"2022-04-01T13:29:42+00:00\",\"breadcrumb\":{\"@id\":\"https:\\\/\\\/svatomarianskaput.sk\\\/pl\\\/miesto\\\/greckokatolicki-kosciol-sw-petra-i-pavla\\\/#breadcrumb\"},\"inLanguage\":\"pl-PL\",\"potentialAction\":[{\"@type\":\"ReadAction\",\"target\":[\"https:\\\/\\\/svatomarianskaput.sk\\\/pl\\\/miesto\\\/greckokatolicki-kosciol-sw-petra-i-pavla\\\/\"]}]},{\"@type\":\"ImageObject\",\"inLanguage\":\"pl-PL\",\"@id\":\"https:\\\/\\\/svatomarianskaput.sk\\\/pl\\\/miesto\\\/greckokatolicki-kosciol-sw-petra-i-pavla\\\/#primaryimage\",\"url\":\"https:\\\/\\\/svatomarianskaput.sk\\\/wp-content\\\/uploads\\\/2021\\\/08\\\/15347-kostol-sv-petra-a-pavla-bardejov-foto-wikipedia-draco-qqq-cc-by-3-0_full.jpg\",\"contentUrl\":\"https:\\\/\\\/svatomarianskaput.sk\\\/wp-content\\\/uploads\\\/2021\\\/08\\\/15347-kostol-sv-petra-a-pavla-bardejov-foto-wikipedia-draco-qqq-cc-by-3-0_full.jpg\",\"width\":800,\"height\":600},{\"@type\":\"BreadcrumbList\",\"@id\":\"https:\\\/\\\/svatomarianskaput.sk\\\/pl\\\/miesto\\\/greckokatolicki-kosciol-sw-petra-i-pavla\\\/#breadcrumb\",\"itemListElement\":[{\"@type\":\"ListItem\",\"position\":1,\"name\":\"Domovsk\u00e1 str\u00e1nka\",\"item\":\"https:\\\/\\\/svatomarianskaput.sk\\\/pl\\\/\"},{\"@type\":\"ListItem\",\"position\":2,\"name\":\"Miejsca\",\"item\":\"https:\\\/\\\/svatomarianskaput.sk\\\/pl\\\/miesta\\\/\"},{\"@type\":\"ListItem\",\"position\":3,\"name\":\"Greckokatolicki ko\u015bci\u00f3\u0142 \u015bw. Piotra i Paw\u0142a\"}]},{\"@type\":\"WebSite\",\"@id\":\"https:\\\/\\\/svatomarianskaput.sk\\\/pl\\\/#website\",\"url\":\"https:\\\/\\\/svatomarianskaput.sk\\\/pl\\\/\",\"name\":\"Sv\u00e4tomari\u00e1nska p\u00fa\u0165\",\"description\":\"Vydaj sa na cestu (seba)poznania\",\"publisher\":{\"@id\":\"https:\\\/\\\/svatomarianskaput.sk\\\/pl\\\/#organization\"},\"potentialAction\":[{\"@type\":\"SearchAction\",\"target\":{\"@type\":\"EntryPoint\",\"urlTemplate\":\"https:\\\/\\\/svatomarianskaput.sk\\\/pl\\\/?s={search_term_string}\"},\"query-input\":{\"@type\":\"PropertyValueSpecification\",\"valueRequired\":true,\"valueName\":\"search_term_string\"}}],\"inLanguage\":\"pl-PL\"},{\"@type\":\"Organization\",\"@id\":\"https:\\\/\\\/svatomarianskaput.sk\\\/pl\\\/#organization\",\"name\":\"Sv\u00e4tomari\u00e1nska p\u00fa\u0165\",\"url\":\"https:\\\/\\\/svatomarianskaput.sk\\\/pl\\\/\",\"logo\":{\"@type\":\"ImageObject\",\"inLanguage\":\"pl-PL\",\"@id\":\"https:\\\/\\\/svatomarianskaput.sk\\\/pl\\\/#\\\/schema\\\/logo\\\/image\\\/\",\"url\":\"https:\\\/\\\/svatomarianskaput.sk\\\/wp-content\\\/uploads\\\/2022\\\/05\\\/logo-sk.svg\",\"contentUrl\":\"https:\\\/\\\/svatomarianskaput.sk\\\/wp-content\\\/uploads\\\/2022\\\/05\\\/logo-sk.svg\",\"caption\":\"Sv\u00e4tomari\u00e1nska p\u00fa\u0165\"},\"image\":{\"@id\":\"https:\\\/\\\/svatomarianskaput.sk\\\/pl\\\/#\\\/schema\\\/logo\\\/image\\\/\"}}]}<\/script>\n<!-- \/ Yoast SEO plugin. -->","yoast_head_json":{"title":"Greckokatolicki ko\u015bci\u00f3\u0142 \u015bw. Piotra i Paw\u0142a - Sv\u00e4tomari\u00e1nska p\u00fa\u0165","robots":{"index":"index","follow":"follow","max-snippet":"max-snippet:-1","max-image-preview":"max-image-preview:large","max-video-preview":"max-video-preview:-1"},"canonical":"https:\/\/svatomarianskaput.sk\/pl\/miesto\/greckokatolicki-kosciol-sw-petra-i-pavla\/","og_locale":"pl_PL","og_type":"article","og_title":"Greckokatolicki ko\u015bci\u00f3\u0142 \u015bw. Piotra i Paw\u0142a - Sv\u00e4tomari\u00e1nska p\u00fa\u0165","og_description":"Ko\u015bci\u00f3\u0142 \u015bw. Piotra i Paw\u0142a w Bardejowie zosta\u0142 zbudowany w po\u0142udniowej cz\u0119\u015bci dawnej fosy (obecnie ulica Jir\u00e1ska) w latach 1901-1902. Ko\u015bci\u00f3\u0142 jest pod\u0142u\u017cny, jednonawowy, z wielobocznym prezbiterium, sklepiony sklepieniami pruskimi.&nbsp;Ko\u015bci\u00f3\u0142 ma trzy wie\u017ce, z kt\u00f3rych dwie tworz\u0105 fasad\u0119 wej\u015bciow\u0105. W lewej wie\u017cy znajduj\u0105 si\u0119 dwa dzwony &#8211; Miko\u0142aj i Maria. Wn\u0119trze \u015bwi\u0105tyni sk\u0142ada si\u0119 z [&hellip;]","og_url":"https:\/\/svatomarianskaput.sk\/pl\/miesto\/greckokatolicki-kosciol-sw-petra-i-pavla\/","og_site_name":"Sv\u00e4tomari\u00e1nska p\u00fa\u0165","article_modified_time":"2022-04-01T13:29:42+00:00","og_image":[{"width":800,"height":600,"url":"https:\/\/svatomarianskaput.sk\/wp-content\/uploads\/2021\/08\/15347-kostol-sv-petra-a-pavla-bardejov-foto-wikipedia-draco-qqq-cc-by-3-0_full.jpg","type":"image\/jpeg"}],"twitter_card":"summary_large_image","twitter_misc":{"Szacowany czas czytania":"1 minuta"},"schema":{"@context":"https:\/\/schema.org","@graph":[{"@type":"WebPage","@id":"https:\/\/svatomarianskaput.sk\/pl\/miesto\/greckokatolicki-kosciol-sw-petra-i-pavla\/","url":"https:\/\/svatomarianskaput.sk\/pl\/miesto\/greckokatolicki-kosciol-sw-petra-i-pavla\/","name":"Greckokatolicki ko\u015bci\u00f3\u0142 \u015bw. Piotra i Paw\u0142a - Sv\u00e4tomari\u00e1nska p\u00fa\u0165","isPartOf":{"@id":"https:\/\/svatomarianskaput.sk\/pl\/#website"},"primaryImageOfPage":{"@id":"https:\/\/svatomarianskaput.sk\/pl\/miesto\/greckokatolicki-kosciol-sw-petra-i-pavla\/#primaryimage"},"image":{"@id":"https:\/\/svatomarianskaput.sk\/pl\/miesto\/greckokatolicki-kosciol-sw-petra-i-pavla\/#primaryimage"},"thumbnailUrl":"https:\/\/svatomarianskaput.sk\/wp-content\/uploads\/2021\/08\/15347-kostol-sv-petra-a-pavla-bardejov-foto-wikipedia-draco-qqq-cc-by-3-0_full.jpg","datePublished":"2022-04-01T12:37:00+00:00","dateModified":"2022-04-01T13:29:42+00:00","breadcrumb":{"@id":"https:\/\/svatomarianskaput.sk\/pl\/miesto\/greckokatolicki-kosciol-sw-petra-i-pavla\/#breadcrumb"},"inLanguage":"pl-PL","potentialAction":[{"@type":"ReadAction","target":["https:\/\/svatomarianskaput.sk\/pl\/miesto\/greckokatolicki-kosciol-sw-petra-i-pavla\/"]}]},{"@type":"ImageObject","inLanguage":"pl-PL","@id":"https:\/\/svatomarianskaput.sk\/pl\/miesto\/greckokatolicki-kosciol-sw-petra-i-pavla\/#primaryimage","url":"https:\/\/svatomarianskaput.sk\/wp-content\/uploads\/2021\/08\/15347-kostol-sv-petra-a-pavla-bardejov-foto-wikipedia-draco-qqq-cc-by-3-0_full.jpg","contentUrl":"https:\/\/svatomarianskaput.sk\/wp-content\/uploads\/2021\/08\/15347-kostol-sv-petra-a-pavla-bardejov-foto-wikipedia-draco-qqq-cc-by-3-0_full.jpg","width":800,"height":600},{"@type":"BreadcrumbList","@id":"https:\/\/svatomarianskaput.sk\/pl\/miesto\/greckokatolicki-kosciol-sw-petra-i-pavla\/#breadcrumb","itemListElement":[{"@type":"ListItem","position":1,"name":"Domovsk\u00e1 str\u00e1nka","item":"https:\/\/svatomarianskaput.sk\/pl\/"},{"@type":"ListItem","position":2,"name":"Miejsca","item":"https:\/\/svatomarianskaput.sk\/pl\/miesta\/"},{"@type":"ListItem","position":3,"name":"Greckokatolicki ko\u015bci\u00f3\u0142 \u015bw. Piotra i Paw\u0142a"}]},{"@type":"WebSite","@id":"https:\/\/svatomarianskaput.sk\/pl\/#website","url":"https:\/\/svatomarianskaput.sk\/pl\/","name":"Sv\u00e4tomari\u00e1nska p\u00fa\u0165","description":"Vydaj sa na cestu (seba)poznania","publisher":{"@id":"https:\/\/svatomarianskaput.sk\/pl\/#organization"},"potentialAction":[{"@type":"SearchAction","target":{"@type":"EntryPoint","urlTemplate":"https:\/\/svatomarianskaput.sk\/pl\/?s={search_term_string}"},"query-input":{"@type":"PropertyValueSpecification","valueRequired":true,"valueName":"search_term_string"}}],"inLanguage":"pl-PL"},{"@type":"Organization","@id":"https:\/\/svatomarianskaput.sk\/pl\/#organization","name":"Sv\u00e4tomari\u00e1nska p\u00fa\u0165","url":"https:\/\/svatomarianskaput.sk\/pl\/","logo":{"@type":"ImageObject","inLanguage":"pl-PL","@id":"https:\/\/svatomarianskaput.sk\/pl\/#\/schema\/logo\/image\/","url":"https:\/\/svatomarianskaput.sk\/wp-content\/uploads\/2022\/05\/logo-sk.svg","contentUrl":"https:\/\/svatomarianskaput.sk\/wp-content\/uploads\/2022\/05\/logo-sk.svg","caption":"Sv\u00e4tomari\u00e1nska p\u00fa\u0165"},"image":{"@id":"https:\/\/svatomarianskaput.sk\/pl\/#\/schema\/logo\/image\/"}}]}},"_links":{"self":[{"href":"https:\/\/svatomarianskaput.sk\/pl\/wp-json\/wp\/v2\/miesto\/1916","targetHints":{"allow":["GET"]}}],"collection":[{"href":"https:\/\/svatomarianskaput.sk\/pl\/wp-json\/wp\/v2\/miesto"}],"about":[{"href":"https:\/\/svatomarianskaput.sk\/pl\/wp-json\/wp\/v2\/types\/miesto"}],"wp:featuredmedia":[{"embeddable":true,"href":"https:\/\/svatomarianskaput.sk\/pl\/wp-json\/wp\/v2\/media\/1471"}],"wp:attachment":[{"href":"https:\/\/svatomarianskaput.sk\/pl\/wp-json\/wp\/v2\/media?parent=1916"}],"wp:term":[{"taxonomy":"navstevnik","embeddable":true,"href":"https:\/\/svatomarianskaput.sk\/pl\/wp-json\/wp\/v2\/navstevnik?post=1916"},{"taxonomy":"zaujmy","embeddable":true,"href":"https:\/\/svatomarianskaput.sk\/pl\/wp-json\/wp\/v2\/zaujmy?post=1916"},{"taxonomy":"lokalita","embeddable":true,"href":"https:\/\/svatomarianskaput.sk\/pl\/wp-json\/wp\/v2\/lokalita?post=1916"}],"curies":[{"name":"wp","href":"https:\/\/api.w.org\/{rel}","templated":true}]}}