{"id":1961,"date":"2022-04-01T09:34:00","date_gmt":"2022-04-01T07:34:00","guid":{"rendered":"https:\/\/unceasingsolutions.com\/?post_type=miesto&#038;p=1961"},"modified":"2022-04-01T15:18:59","modified_gmt":"2022-04-01T13:18:59","slug":"sobor-sw-aleksandra-newskiego","status":"publish","type":"miesto","link":"https:\/\/svatomarianskaput.sk\/pl\/miesto\/sobor-sw-aleksandra-newskiego\/","title":{"rendered":"Sob\u00f3r \u015bw. Aleksandra Newskiego"},"content":{"rendered":"\n<figure class=\"wp-block-table\"><table><tbody><tr><td><strong><strong>Sob\u00f3r \u015bw. Aleksandra Newskiego<\/strong>je g\u0142\u00f3wna \u015bwi\u0105tynia katedralna Ko\u015bcio\u0142a prawos\u0142awnego na S\u0142owacji.<\/strong><br><br>Zbudowano go w latach 1946-1950 ze zbi\u00f3rek wiernych. Z b\u0142ogos\u0142awie\u0144stwem metropolity praskiego Jelevferija zosta\u0142 on po\u015bwi\u0119cony przez ojca archimandryt\u0119 Andreja (Ko\u0142omackiego) 11 lutego 1950 roku.&nbsp;Aleksandra Newskiego, bojownika o wiar\u0119 prawos\u0142awn\u0105 w \u015awi\u0119tej Rusi.<br><br><strong>Sob\u00f3r \u015bw. Aleksandra Newskiego<\/strong> jest zbudowany w duchu tradycji prawos\u0142awnej architektury rosyjskiej. Ozdobiony jest pi\u0119cioma cebulastymi kopu\u0142ami, kt\u00f3re nawi\u0105zuj\u0105 do typowej architektury dawnej carskiej Rosji.<br><br>Wn\u0119trze katedry jest skromne, ozdobione kilkoma ikonami. To w\u0142a\u015bnie w ikonografii przedstawiony jest jeden z najstarszych rodzaj\u00f3w malarstwa. W ko\u015bciele przechowywane s\u0105 relikwie \u015bw. Aleksego T\u00f3tha, mieszka\u0144ca Kobylnicy.<br><br>Na terenie \u015bwi\u0105tyni znajduje si\u0119 pomnik po\u015bwi\u0119cony ofiarom g\u0142odu na Ukrainie, ods\u0142oni\u0119ty w 2006 r.<br>Aleksandra Newskiego w Preszowie jest obecnie centrum \u017cycia duchowego nie tylko eparchii preszowskiej, ale tak\u017ce ca\u0142ej S\u0142owacji. <br><br>To w\u0142a\u015bnie tutaj uroczy\u015bcie obchodzone s\u0105 wa\u017cne wydarzenia z \u017cycia Ko\u015bcio\u0142a prawos\u0142awnego na ziemiach czeskich i na S\u0142owacji.<br>&nbsp;<br>\u0179r\u00f3d\u0142o: <a href=\"http:\/\/www.presov.virtualne.sk\">www.presov.virtualne.sk<\/a><br>Zdj\u0119cie na ok\u0142adce: Jano \u0160tovka, MQEP<\/td><\/tr><\/tbody><\/table><\/figure>\n\n\n\n<div style=\"height:100px\" aria-hidden=\"true\" class=\"wp-block-spacer\"><\/div>\n\n\n\n<figure class=\"wp-block-gallery has-nested-images columns-default is-cropped wp-block-gallery-1 is-layout-flex wp-block-gallery-is-layout-flex\">\n<figure class=\"wp-block-image size-large\"><div class=\"content-image\" >\r\n    <a data-fancybox=\"lightbox\" href=\"https:\/\/svatomarianskaput.sk\/wp-content\/uploads\/2021\/08\/pravoslavny-katedralny-chram-sv-alexandra-nevskeho-presov-foto-jano-stovka-mqep_full.jpg\"><img fetchpriority=\"high\" decoding=\"async\" width=\"800\" height=\"532\" data-id=\"1491\" src=\"https:\/\/svatomarianskaput.sk\/wp-content\/uploads\/2021\/08\/pravoslavny-katedralny-chram-sv-alexandra-nevskeho-presov-foto-jano-stovka-mqep_full.jpg\" alt=\"\" class=\"wp-image-1491\" srcset=\"https:\/\/svatomarianskaput.sk\/wp-content\/uploads\/2021\/08\/pravoslavny-katedralny-chram-sv-alexandra-nevskeho-presov-foto-jano-stovka-mqep_full.jpg 800w, https:\/\/svatomarianskaput.sk\/wp-content\/uploads\/2021\/08\/pravoslavny-katedralny-chram-sv-alexandra-nevskeho-presov-foto-jano-stovka-mqep_full-500x333.jpg 500w, https:\/\/svatomarianskaput.sk\/wp-content\/uploads\/2021\/08\/pravoslavny-katedralny-chram-sv-alexandra-nevskeho-presov-foto-jano-stovka-mqep_full-768x511.jpg 768w\" sizes=\"(max-width: 800px) 100vw, 800px\" \/><\/a><\/div><figcaption>\u0179r\u00f3d\u0142o: <strong><a href=\"https:\/\/www.severovychod.sk\/vylet\/chram-svateho-alexandra-nevskeho-presov\">https:\/\/www.severovychod.sk\/vylet\/chram-svateho-alexandra-nevskeho-presov<\/a><\/strong><\/figcaption><\/figure>\n<\/figure>\n\n\n\n<p><\/p>\n","protected":false},"featured_media":1491,"template":"","navstevnik":[154,156,158,160],"zaujmy":[115],"lokalita":[101],"class_list":["post-1961","miesto","type-miesto","status-publish","has-post-thumbnail","hentry","navstevnik-farnost-pl","navstevnik-priatelia-pl","navstevnik-rodina-pl","navstevnik-single-pl","zaujmy-kaplnky-pl","lokalita-lutina-pl"],"acf":[],"yoast_head":"<!-- This site is optimized with the Yoast SEO plugin v27.3 - https:\/\/yoast.com\/product\/yoast-seo-wordpress\/ -->\n<title>Sob\u00f3r \u015bw. Aleksandra Newskiego - Sv\u00e4tomari\u00e1nska p\u00fa\u0165<\/title>\n<meta name=\"robots\" content=\"index, follow, max-snippet:-1, max-image-preview:large, max-video-preview:-1\" \/>\n<link rel=\"canonical\" href=\"https:\/\/svatomarianskaput.sk\/pl\/miesto\/sobor-sw-aleksandra-newskiego\/\" \/>\n<meta property=\"og:locale\" content=\"pl_PL\" \/>\n<meta property=\"og:type\" content=\"article\" \/>\n<meta property=\"og:title\" content=\"Sob\u00f3r \u015bw. Aleksandra Newskiego - Sv\u00e4tomari\u00e1nska p\u00fa\u0165\" \/>\n<meta property=\"og:description\" content=\"Sob\u00f3r \u015bw. Aleksandra Newskiegoje g\u0142\u00f3wna \u015bwi\u0105tynia katedralna Ko\u015bcio\u0142a prawos\u0142awnego na S\u0142owacji. Zbudowano go w latach 1946-1950 ze zbi\u00f3rek wiernych. Z b\u0142ogos\u0142awie\u0144stwem metropolity praskiego Jelevferija zosta\u0142 on po\u015bwi\u0119cony przez ojca archimandryt\u0119 Andreja (Ko\u0142omackiego) 11 lutego 1950 roku.&nbsp;Aleksandra Newskiego, bojownika o wiar\u0119 prawos\u0142awn\u0105 w \u015awi\u0119tej Rusi. Sob\u00f3r \u015bw. Aleksandra Newskiego jest zbudowany w duchu tradycji prawos\u0142awnej architektury [&hellip;]\" \/>\n<meta property=\"og:url\" content=\"https:\/\/svatomarianskaput.sk\/pl\/miesto\/sobor-sw-aleksandra-newskiego\/\" \/>\n<meta property=\"og:site_name\" content=\"Sv\u00e4tomari\u00e1nska p\u00fa\u0165\" \/>\n<meta property=\"article:modified_time\" content=\"2022-04-01T13:18:59+00:00\" \/>\n<meta property=\"og:image\" content=\"https:\/\/svatomarianskaput.sk\/wp-content\/uploads\/2021\/08\/pravoslavny-katedralny-chram-sv-alexandra-nevskeho-presov-foto-jano-stovka-mqep_full.jpg\" \/>\n\t<meta property=\"og:image:width\" content=\"800\" \/>\n\t<meta property=\"og:image:height\" content=\"532\" \/>\n\t<meta property=\"og:image:type\" content=\"image\/jpeg\" \/>\n<meta name=\"twitter:card\" content=\"summary_large_image\" \/>\n<meta name=\"twitter:label1\" content=\"Szacowany czas czytania\" \/>\n\t<meta name=\"twitter:data1\" content=\"1 minuta\" \/>\n<script type=\"application\/ld+json\" class=\"yoast-schema-graph\">{\"@context\":\"https:\\\/\\\/schema.org\",\"@graph\":[{\"@type\":\"WebPage\",\"@id\":\"https:\\\/\\\/svatomarianskaput.sk\\\/pl\\\/miesto\\\/sobor-sw-aleksandra-newskiego\\\/\",\"url\":\"https:\\\/\\\/svatomarianskaput.sk\\\/pl\\\/miesto\\\/sobor-sw-aleksandra-newskiego\\\/\",\"name\":\"Sob\u00f3r \u015bw. Aleksandra Newskiego - Sv\u00e4tomari\u00e1nska p\u00fa\u0165\",\"isPartOf\":{\"@id\":\"https:\\\/\\\/svatomarianskaput.sk\\\/pl\\\/#website\"},\"primaryImageOfPage\":{\"@id\":\"https:\\\/\\\/svatomarianskaput.sk\\\/pl\\\/miesto\\\/sobor-sw-aleksandra-newskiego\\\/#primaryimage\"},\"image\":{\"@id\":\"https:\\\/\\\/svatomarianskaput.sk\\\/pl\\\/miesto\\\/sobor-sw-aleksandra-newskiego\\\/#primaryimage\"},\"thumbnailUrl\":\"https:\\\/\\\/svatomarianskaput.sk\\\/wp-content\\\/uploads\\\/2021\\\/08\\\/pravoslavny-katedralny-chram-sv-alexandra-nevskeho-presov-foto-jano-stovka-mqep_full.jpg\",\"datePublished\":\"2022-04-01T07:34:00+00:00\",\"dateModified\":\"2022-04-01T13:18:59+00:00\",\"breadcrumb\":{\"@id\":\"https:\\\/\\\/svatomarianskaput.sk\\\/pl\\\/miesto\\\/sobor-sw-aleksandra-newskiego\\\/#breadcrumb\"},\"inLanguage\":\"pl-PL\",\"potentialAction\":[{\"@type\":\"ReadAction\",\"target\":[\"https:\\\/\\\/svatomarianskaput.sk\\\/pl\\\/miesto\\\/sobor-sw-aleksandra-newskiego\\\/\"]}]},{\"@type\":\"ImageObject\",\"inLanguage\":\"pl-PL\",\"@id\":\"https:\\\/\\\/svatomarianskaput.sk\\\/pl\\\/miesto\\\/sobor-sw-aleksandra-newskiego\\\/#primaryimage\",\"url\":\"https:\\\/\\\/svatomarianskaput.sk\\\/wp-content\\\/uploads\\\/2021\\\/08\\\/pravoslavny-katedralny-chram-sv-alexandra-nevskeho-presov-foto-jano-stovka-mqep_full.jpg\",\"contentUrl\":\"https:\\\/\\\/svatomarianskaput.sk\\\/wp-content\\\/uploads\\\/2021\\\/08\\\/pravoslavny-katedralny-chram-sv-alexandra-nevskeho-presov-foto-jano-stovka-mqep_full.jpg\",\"width\":800,\"height\":532},{\"@type\":\"BreadcrumbList\",\"@id\":\"https:\\\/\\\/svatomarianskaput.sk\\\/pl\\\/miesto\\\/sobor-sw-aleksandra-newskiego\\\/#breadcrumb\",\"itemListElement\":[{\"@type\":\"ListItem\",\"position\":1,\"name\":\"Domovsk\u00e1 str\u00e1nka\",\"item\":\"https:\\\/\\\/svatomarianskaput.sk\\\/pl\\\/\"},{\"@type\":\"ListItem\",\"position\":2,\"name\":\"Miejsca\",\"item\":\"https:\\\/\\\/svatomarianskaput.sk\\\/pl\\\/miesta\\\/\"},{\"@type\":\"ListItem\",\"position\":3,\"name\":\"Sob\u00f3r \u015bw. Aleksandra Newskiego\"}]},{\"@type\":\"WebSite\",\"@id\":\"https:\\\/\\\/svatomarianskaput.sk\\\/pl\\\/#website\",\"url\":\"https:\\\/\\\/svatomarianskaput.sk\\\/pl\\\/\",\"name\":\"Sv\u00e4tomari\u00e1nska p\u00fa\u0165\",\"description\":\"Vydaj sa na cestu (seba)poznania\",\"publisher\":{\"@id\":\"https:\\\/\\\/svatomarianskaput.sk\\\/pl\\\/#organization\"},\"potentialAction\":[{\"@type\":\"SearchAction\",\"target\":{\"@type\":\"EntryPoint\",\"urlTemplate\":\"https:\\\/\\\/svatomarianskaput.sk\\\/pl\\\/?s={search_term_string}\"},\"query-input\":{\"@type\":\"PropertyValueSpecification\",\"valueRequired\":true,\"valueName\":\"search_term_string\"}}],\"inLanguage\":\"pl-PL\"},{\"@type\":\"Organization\",\"@id\":\"https:\\\/\\\/svatomarianskaput.sk\\\/pl\\\/#organization\",\"name\":\"Sv\u00e4tomari\u00e1nska p\u00fa\u0165\",\"url\":\"https:\\\/\\\/svatomarianskaput.sk\\\/pl\\\/\",\"logo\":{\"@type\":\"ImageObject\",\"inLanguage\":\"pl-PL\",\"@id\":\"https:\\\/\\\/svatomarianskaput.sk\\\/pl\\\/#\\\/schema\\\/logo\\\/image\\\/\",\"url\":\"https:\\\/\\\/svatomarianskaput.sk\\\/wp-content\\\/uploads\\\/2022\\\/05\\\/logo-sk.svg\",\"contentUrl\":\"https:\\\/\\\/svatomarianskaput.sk\\\/wp-content\\\/uploads\\\/2022\\\/05\\\/logo-sk.svg\",\"caption\":\"Sv\u00e4tomari\u00e1nska p\u00fa\u0165\"},\"image\":{\"@id\":\"https:\\\/\\\/svatomarianskaput.sk\\\/pl\\\/#\\\/schema\\\/logo\\\/image\\\/\"}}]}<\/script>\n<!-- \/ Yoast SEO plugin. -->","yoast_head_json":{"title":"Sob\u00f3r \u015bw. Aleksandra Newskiego - Sv\u00e4tomari\u00e1nska p\u00fa\u0165","robots":{"index":"index","follow":"follow","max-snippet":"max-snippet:-1","max-image-preview":"max-image-preview:large","max-video-preview":"max-video-preview:-1"},"canonical":"https:\/\/svatomarianskaput.sk\/pl\/miesto\/sobor-sw-aleksandra-newskiego\/","og_locale":"pl_PL","og_type":"article","og_title":"Sob\u00f3r \u015bw. Aleksandra Newskiego - Sv\u00e4tomari\u00e1nska p\u00fa\u0165","og_description":"Sob\u00f3r \u015bw. Aleksandra Newskiegoje g\u0142\u00f3wna \u015bwi\u0105tynia katedralna Ko\u015bcio\u0142a prawos\u0142awnego na S\u0142owacji. Zbudowano go w latach 1946-1950 ze zbi\u00f3rek wiernych. Z b\u0142ogos\u0142awie\u0144stwem metropolity praskiego Jelevferija zosta\u0142 on po\u015bwi\u0119cony przez ojca archimandryt\u0119 Andreja (Ko\u0142omackiego) 11 lutego 1950 roku.&nbsp;Aleksandra Newskiego, bojownika o wiar\u0119 prawos\u0142awn\u0105 w \u015awi\u0119tej Rusi. Sob\u00f3r \u015bw. Aleksandra Newskiego jest zbudowany w duchu tradycji prawos\u0142awnej architektury [&hellip;]","og_url":"https:\/\/svatomarianskaput.sk\/pl\/miesto\/sobor-sw-aleksandra-newskiego\/","og_site_name":"Sv\u00e4tomari\u00e1nska p\u00fa\u0165","article_modified_time":"2022-04-01T13:18:59+00:00","og_image":[{"width":800,"height":532,"url":"https:\/\/svatomarianskaput.sk\/wp-content\/uploads\/2021\/08\/pravoslavny-katedralny-chram-sv-alexandra-nevskeho-presov-foto-jano-stovka-mqep_full.jpg","type":"image\/jpeg"}],"twitter_card":"summary_large_image","twitter_misc":{"Szacowany czas czytania":"1 minuta"},"schema":{"@context":"https:\/\/schema.org","@graph":[{"@type":"WebPage","@id":"https:\/\/svatomarianskaput.sk\/pl\/miesto\/sobor-sw-aleksandra-newskiego\/","url":"https:\/\/svatomarianskaput.sk\/pl\/miesto\/sobor-sw-aleksandra-newskiego\/","name":"Sob\u00f3r \u015bw. Aleksandra Newskiego - Sv\u00e4tomari\u00e1nska p\u00fa\u0165","isPartOf":{"@id":"https:\/\/svatomarianskaput.sk\/pl\/#website"},"primaryImageOfPage":{"@id":"https:\/\/svatomarianskaput.sk\/pl\/miesto\/sobor-sw-aleksandra-newskiego\/#primaryimage"},"image":{"@id":"https:\/\/svatomarianskaput.sk\/pl\/miesto\/sobor-sw-aleksandra-newskiego\/#primaryimage"},"thumbnailUrl":"https:\/\/svatomarianskaput.sk\/wp-content\/uploads\/2021\/08\/pravoslavny-katedralny-chram-sv-alexandra-nevskeho-presov-foto-jano-stovka-mqep_full.jpg","datePublished":"2022-04-01T07:34:00+00:00","dateModified":"2022-04-01T13:18:59+00:00","breadcrumb":{"@id":"https:\/\/svatomarianskaput.sk\/pl\/miesto\/sobor-sw-aleksandra-newskiego\/#breadcrumb"},"inLanguage":"pl-PL","potentialAction":[{"@type":"ReadAction","target":["https:\/\/svatomarianskaput.sk\/pl\/miesto\/sobor-sw-aleksandra-newskiego\/"]}]},{"@type":"ImageObject","inLanguage":"pl-PL","@id":"https:\/\/svatomarianskaput.sk\/pl\/miesto\/sobor-sw-aleksandra-newskiego\/#primaryimage","url":"https:\/\/svatomarianskaput.sk\/wp-content\/uploads\/2021\/08\/pravoslavny-katedralny-chram-sv-alexandra-nevskeho-presov-foto-jano-stovka-mqep_full.jpg","contentUrl":"https:\/\/svatomarianskaput.sk\/wp-content\/uploads\/2021\/08\/pravoslavny-katedralny-chram-sv-alexandra-nevskeho-presov-foto-jano-stovka-mqep_full.jpg","width":800,"height":532},{"@type":"BreadcrumbList","@id":"https:\/\/svatomarianskaput.sk\/pl\/miesto\/sobor-sw-aleksandra-newskiego\/#breadcrumb","itemListElement":[{"@type":"ListItem","position":1,"name":"Domovsk\u00e1 str\u00e1nka","item":"https:\/\/svatomarianskaput.sk\/pl\/"},{"@type":"ListItem","position":2,"name":"Miejsca","item":"https:\/\/svatomarianskaput.sk\/pl\/miesta\/"},{"@type":"ListItem","position":3,"name":"Sob\u00f3r \u015bw. Aleksandra Newskiego"}]},{"@type":"WebSite","@id":"https:\/\/svatomarianskaput.sk\/pl\/#website","url":"https:\/\/svatomarianskaput.sk\/pl\/","name":"Sv\u00e4tomari\u00e1nska p\u00fa\u0165","description":"Vydaj sa na cestu (seba)poznania","publisher":{"@id":"https:\/\/svatomarianskaput.sk\/pl\/#organization"},"potentialAction":[{"@type":"SearchAction","target":{"@type":"EntryPoint","urlTemplate":"https:\/\/svatomarianskaput.sk\/pl\/?s={search_term_string}"},"query-input":{"@type":"PropertyValueSpecification","valueRequired":true,"valueName":"search_term_string"}}],"inLanguage":"pl-PL"},{"@type":"Organization","@id":"https:\/\/svatomarianskaput.sk\/pl\/#organization","name":"Sv\u00e4tomari\u00e1nska p\u00fa\u0165","url":"https:\/\/svatomarianskaput.sk\/pl\/","logo":{"@type":"ImageObject","inLanguage":"pl-PL","@id":"https:\/\/svatomarianskaput.sk\/pl\/#\/schema\/logo\/image\/","url":"https:\/\/svatomarianskaput.sk\/wp-content\/uploads\/2022\/05\/logo-sk.svg","contentUrl":"https:\/\/svatomarianskaput.sk\/wp-content\/uploads\/2022\/05\/logo-sk.svg","caption":"Sv\u00e4tomari\u00e1nska p\u00fa\u0165"},"image":{"@id":"https:\/\/svatomarianskaput.sk\/pl\/#\/schema\/logo\/image\/"}}]}},"_links":{"self":[{"href":"https:\/\/svatomarianskaput.sk\/pl\/wp-json\/wp\/v2\/miesto\/1961","targetHints":{"allow":["GET"]}}],"collection":[{"href":"https:\/\/svatomarianskaput.sk\/pl\/wp-json\/wp\/v2\/miesto"}],"about":[{"href":"https:\/\/svatomarianskaput.sk\/pl\/wp-json\/wp\/v2\/types\/miesto"}],"wp:featuredmedia":[{"embeddable":true,"href":"https:\/\/svatomarianskaput.sk\/pl\/wp-json\/wp\/v2\/media\/1491"}],"wp:attachment":[{"href":"https:\/\/svatomarianskaput.sk\/pl\/wp-json\/wp\/v2\/media?parent=1961"}],"wp:term":[{"taxonomy":"navstevnik","embeddable":true,"href":"https:\/\/svatomarianskaput.sk\/pl\/wp-json\/wp\/v2\/navstevnik?post=1961"},{"taxonomy":"zaujmy","embeddable":true,"href":"https:\/\/svatomarianskaput.sk\/pl\/wp-json\/wp\/v2\/zaujmy?post=1961"},{"taxonomy":"lokalita","embeddable":true,"href":"https:\/\/svatomarianskaput.sk\/pl\/wp-json\/wp\/v2\/lokalita?post=1961"}],"curies":[{"name":"wp","href":"https:\/\/api.w.org\/{rel}","templated":true}]}}