{"id":1968,"date":"2022-04-01T09:57:01","date_gmt":"2022-04-01T07:57:01","guid":{"rendered":"https:\/\/unceasingsolutions.com\/?post_type=miesto&#038;p=1968"},"modified":"2022-04-01T15:14:45","modified_gmt":"2022-04-01T13:14:45","slug":"kosciol-sw-jana-chrzciciela","status":"publish","type":"miesto","link":"https:\/\/svatomarianskaput.sk\/pl\/miesto\/kosciol-sw-jana-chrzciciela\/","title":{"rendered":"Ko\u015bci\u00f3\u0142 \u015bw. Jana Chrzciciela"},"content":{"rendered":"\n<figure class=\"wp-block-table\"><table><tbody><tr><td><strong>Ko\u015bci\u00f3\u0142 \u015bw.<\/strong> <strong>Jana Chrzciciela jest najwa\u017cniejsz\u0105 budowl\u0105 greckokatolick\u0105 w Preszowie.&nbsp;Pierwotnie by\u0142 to gotycki ko\u015bci\u00f3\u0142 jednonawowy, w XVII w. po\u0142\u0105czony z klasztorem minoryt\u00f3w, a w XVIII w. przebudowany w stylu barokowym do obecnej postaci.<\/strong><br><br>JJego korzenie si\u0119gaj\u0105 jednak pierwszej po\u0142owy XIV wieku, kiedy to na po\u0142udniowych obrze\u017cach Preszowa wybudowano ko\u015bci\u00f3\u0142 szpitalny pod wezwaniem Naj\u015bwi\u0119tszej Marii Panny. W czasie swego istnienia by\u0142 on w r\u00f3\u017cnych okresach przekazywany Ko\u015bcio\u0142om: greckokatolickiemu, ewangelickiemu i prawos\u0142awnemu.&nbsp;W 1968 r., po odrestaurowaniu, zosta\u0142 zwr\u00f3cony Ko\u015bcio\u0142owi greckokatolickiemu.<br><br>W greckokatolickiej katedrze w Preszowie na suficie nawy g\u0142\u00f3wnej zachowa\u0142y si\u0119 cztery wi\u0119ksze freski z 1757 r. z \u017cycia \u015bw. Jana Chrzciciela. Pod katedr\u0105 znajduje si\u0119 du\u017ca krypta, w kt\u00f3rej spoczywa pi\u0119ciu biskup\u00f3w, kanonicy, cz\u0142onkowie zakonu minoryt\u00f3w i jezuici.&nbsp;W p\u00f3\u0142nocnej kaplicy, przed o\u0142tarzem, znajduje si\u0119 sarkofag ze szcz\u0105tkami biskupa Petera Paula Gojdi\u0107a, kt\u00f3re zosta\u0142y tam z\u0142o\u017cone po jego beatyfikacji w 2001 r.<br><br>Na p\u00f3\u0142nocnej \u015bcianie ko\u015bcio\u0142a, za szyb\u0105, znajduje si\u0119 kopia Ca\u0142unu Tury\u0144skiego, kt\u00f3r\u0105 greckokatolicka katedra w Preszowie otrzyma\u0142a w darze od arcybiskupstwa tury\u0144skiego we W\u0142oszech w 2003 r. Jest to faksymile, kt\u00f3re wykonano tylko w czterech egzemplarzach.<br><br>Jana Chrzciciela w Preszowie zosta\u0142a odnowiona w latach 1977-1980, natomiast w latach 1994-1995 przeprowadzono bardziej gruntown\u0105 rekonstrukcj\u0119 ca\u0142ego kompleksu.<br><br>&nbsp;<br>\u0179r\u00f3d\u0142o: <a href=\"http:\/\/www.gopresov.sk\">www.gopresov.sk<\/a>, \u0160vorc, P.: Przewodnik po historycznym Preszowie. Universum. 2006. Presz\u00f3w. ISBN 80-89046-35-5<br>Zdj\u0119cie tytu\u0142owe:&nbsp;Jano \u0160tovka, MQEP<br>&nbsp;<\/td><\/tr><\/tbody><\/table><\/figure>\n\n\n\n<div style=\"height:100px\" aria-hidden=\"true\" class=\"wp-block-spacer\"><\/div>\n\n\n\n<figure class=\"wp-block-gallery has-nested-images columns-default is-cropped wp-block-gallery-1 is-layout-flex wp-block-gallery-is-layout-flex\">\n<figure class=\"wp-block-image size-large\"><div class=\"content-image\" >\r\n    <a data-fancybox=\"lightbox\" href=\"https:\/\/svatomarianskaput.sk\/wp-content\/uploads\/2021\/08\/greckokatolicky-chram-presov-foto-jano-stovka-mqep_full.jpg\"><img fetchpriority=\"high\" decoding=\"async\" width=\"800\" height=\"533\" data-id=\"1487\" src=\"https:\/\/svatomarianskaput.sk\/wp-content\/uploads\/2021\/08\/greckokatolicky-chram-presov-foto-jano-stovka-mqep_full.jpg\" alt=\"\" class=\"wp-image-1487\" srcset=\"https:\/\/svatomarianskaput.sk\/wp-content\/uploads\/2021\/08\/greckokatolicky-chram-presov-foto-jano-stovka-mqep_full.jpg 800w, https:\/\/svatomarianskaput.sk\/wp-content\/uploads\/2021\/08\/greckokatolicky-chram-presov-foto-jano-stovka-mqep_full-500x333.jpg 500w, https:\/\/svatomarianskaput.sk\/wp-content\/uploads\/2021\/08\/greckokatolicky-chram-presov-foto-jano-stovka-mqep_full-768x512.jpg 768w\" sizes=\"(max-width: 800px) 100vw, 800px\" \/><\/a><\/div><figcaption><a href=\"https:\/\/www.severovychod.sk\/vylet\/chram-svateho-jana-krstitela-presov\">https:\/\/www.severovychod.sk\/vylet\/chram-svateho-jana-krstitela-presov<\/a><\/figcaption><\/figure>\n<\/figure>\n\n\n\n<p><\/p>\n","protected":false},"featured_media":1493,"template":"","navstevnik":[154,156,158,160],"zaujmy":[115,109,119,125,123,129],"lokalita":[101],"class_list":["post-1968","miesto","type-miesto","status-publish","has-post-thumbnail","hentry","navstevnik-farnost-pl","navstevnik-priatelia-pl","navstevnik-rodina-pl","navstevnik-single-pl","zaujmy-kaplnky-pl","zaujmy-greckokatolicka-cirkev-pl","zaujmy-kostoly-pl","zaujmy-modlitebne-pl","zaujmy-modlitby-pl","zaujmy-pamiatky-pl","lokalita-lutina-pl"],"acf":[],"yoast_head":"<!-- This site is optimized with the Yoast SEO plugin v27.3 - https:\/\/yoast.com\/product\/yoast-seo-wordpress\/ -->\n<title>Ko\u015bci\u00f3\u0142 \u015bw. Jana Chrzciciela - Sv\u00e4tomari\u00e1nska p\u00fa\u0165<\/title>\n<meta name=\"robots\" content=\"index, follow, max-snippet:-1, max-image-preview:large, max-video-preview:-1\" \/>\n<link rel=\"canonical\" href=\"https:\/\/svatomarianskaput.sk\/pl\/miesto\/kosciol-sw-jana-chrzciciela\/\" \/>\n<meta property=\"og:locale\" content=\"pl_PL\" \/>\n<meta property=\"og:type\" content=\"article\" \/>\n<meta property=\"og:title\" content=\"Ko\u015bci\u00f3\u0142 \u015bw. Jana Chrzciciela - Sv\u00e4tomari\u00e1nska p\u00fa\u0165\" \/>\n<meta property=\"og:description\" content=\"Ko\u015bci\u00f3\u0142 \u015bw. Jana Chrzciciela jest najwa\u017cniejsz\u0105 budowl\u0105 greckokatolick\u0105 w Preszowie.&nbsp;Pierwotnie by\u0142 to gotycki ko\u015bci\u00f3\u0142 jednonawowy, w XVII w. po\u0142\u0105czony z klasztorem minoryt\u00f3w, a w XVIII w. przebudowany w stylu barokowym do obecnej postaci. JJego korzenie si\u0119gaj\u0105 jednak pierwszej po\u0142owy XIV wieku, kiedy to na po\u0142udniowych obrze\u017cach Preszowa wybudowano ko\u015bci\u00f3\u0142 szpitalny pod wezwaniem Naj\u015bwi\u0119tszej Marii Panny. [&hellip;]\" \/>\n<meta property=\"og:url\" content=\"https:\/\/svatomarianskaput.sk\/pl\/miesto\/kosciol-sw-jana-chrzciciela\/\" \/>\n<meta property=\"og:site_name\" content=\"Sv\u00e4tomari\u00e1nska p\u00fa\u0165\" \/>\n<meta property=\"article:modified_time\" content=\"2022-04-01T13:14:45+00:00\" \/>\n<meta property=\"og:image\" content=\"https:\/\/svatomarianskaput.sk\/wp-content\/uploads\/2021\/06\/greckokatolicky-chram-presov-foto-jano-stovka-mqep_full.jpg\" \/>\n\t<meta property=\"og:image:width\" content=\"800\" \/>\n\t<meta property=\"og:image:height\" content=\"533\" \/>\n\t<meta property=\"og:image:type\" content=\"image\/jpeg\" \/>\n<meta name=\"twitter:card\" content=\"summary_large_image\" \/>\n<meta name=\"twitter:label1\" content=\"Szacowany czas czytania\" \/>\n\t<meta name=\"twitter:data1\" content=\"1 minuta\" \/>\n<script type=\"application\/ld+json\" class=\"yoast-schema-graph\">{\"@context\":\"https:\\\/\\\/schema.org\",\"@graph\":[{\"@type\":\"WebPage\",\"@id\":\"https:\\\/\\\/svatomarianskaput.sk\\\/pl\\\/miesto\\\/kosciol-sw-jana-chrzciciela\\\/\",\"url\":\"https:\\\/\\\/svatomarianskaput.sk\\\/pl\\\/miesto\\\/kosciol-sw-jana-chrzciciela\\\/\",\"name\":\"Ko\u015bci\u00f3\u0142 \u015bw. Jana Chrzciciela - Sv\u00e4tomari\u00e1nska p\u00fa\u0165\",\"isPartOf\":{\"@id\":\"https:\\\/\\\/svatomarianskaput.sk\\\/pl\\\/#website\"},\"primaryImageOfPage\":{\"@id\":\"https:\\\/\\\/svatomarianskaput.sk\\\/pl\\\/miesto\\\/kosciol-sw-jana-chrzciciela\\\/#primaryimage\"},\"image\":{\"@id\":\"https:\\\/\\\/svatomarianskaput.sk\\\/pl\\\/miesto\\\/kosciol-sw-jana-chrzciciela\\\/#primaryimage\"},\"thumbnailUrl\":\"https:\\\/\\\/svatomarianskaput.sk\\\/wp-content\\\/uploads\\\/2021\\\/06\\\/greckokatolicky-chram-presov-foto-jano-stovka-mqep_full.jpg\",\"datePublished\":\"2022-04-01T07:57:01+00:00\",\"dateModified\":\"2022-04-01T13:14:45+00:00\",\"breadcrumb\":{\"@id\":\"https:\\\/\\\/svatomarianskaput.sk\\\/pl\\\/miesto\\\/kosciol-sw-jana-chrzciciela\\\/#breadcrumb\"},\"inLanguage\":\"pl-PL\",\"potentialAction\":[{\"@type\":\"ReadAction\",\"target\":[\"https:\\\/\\\/svatomarianskaput.sk\\\/pl\\\/miesto\\\/kosciol-sw-jana-chrzciciela\\\/\"]}]},{\"@type\":\"ImageObject\",\"inLanguage\":\"pl-PL\",\"@id\":\"https:\\\/\\\/svatomarianskaput.sk\\\/pl\\\/miesto\\\/kosciol-sw-jana-chrzciciela\\\/#primaryimage\",\"url\":\"https:\\\/\\\/svatomarianskaput.sk\\\/wp-content\\\/uploads\\\/2021\\\/06\\\/greckokatolicky-chram-presov-foto-jano-stovka-mqep_full.jpg\",\"contentUrl\":\"https:\\\/\\\/svatomarianskaput.sk\\\/wp-content\\\/uploads\\\/2021\\\/06\\\/greckokatolicky-chram-presov-foto-jano-stovka-mqep_full.jpg\",\"width\":800,\"height\":533},{\"@type\":\"BreadcrumbList\",\"@id\":\"https:\\\/\\\/svatomarianskaput.sk\\\/pl\\\/miesto\\\/kosciol-sw-jana-chrzciciela\\\/#breadcrumb\",\"itemListElement\":[{\"@type\":\"ListItem\",\"position\":1,\"name\":\"Domovsk\u00e1 str\u00e1nka\",\"item\":\"https:\\\/\\\/svatomarianskaput.sk\\\/pl\\\/\"},{\"@type\":\"ListItem\",\"position\":2,\"name\":\"Miejsca\",\"item\":\"https:\\\/\\\/svatomarianskaput.sk\\\/pl\\\/miesta\\\/\"},{\"@type\":\"ListItem\",\"position\":3,\"name\":\"Ko\u015bci\u00f3\u0142 \u015bw. Jana Chrzciciela\"}]},{\"@type\":\"WebSite\",\"@id\":\"https:\\\/\\\/svatomarianskaput.sk\\\/pl\\\/#website\",\"url\":\"https:\\\/\\\/svatomarianskaput.sk\\\/pl\\\/\",\"name\":\"Sv\u00e4tomari\u00e1nska p\u00fa\u0165\",\"description\":\"Vydaj sa na cestu (seba)poznania\",\"publisher\":{\"@id\":\"https:\\\/\\\/svatomarianskaput.sk\\\/pl\\\/#organization\"},\"potentialAction\":[{\"@type\":\"SearchAction\",\"target\":{\"@type\":\"EntryPoint\",\"urlTemplate\":\"https:\\\/\\\/svatomarianskaput.sk\\\/pl\\\/?s={search_term_string}\"},\"query-input\":{\"@type\":\"PropertyValueSpecification\",\"valueRequired\":true,\"valueName\":\"search_term_string\"}}],\"inLanguage\":\"pl-PL\"},{\"@type\":\"Organization\",\"@id\":\"https:\\\/\\\/svatomarianskaput.sk\\\/pl\\\/#organization\",\"name\":\"Sv\u00e4tomari\u00e1nska p\u00fa\u0165\",\"url\":\"https:\\\/\\\/svatomarianskaput.sk\\\/pl\\\/\",\"logo\":{\"@type\":\"ImageObject\",\"inLanguage\":\"pl-PL\",\"@id\":\"https:\\\/\\\/svatomarianskaput.sk\\\/pl\\\/#\\\/schema\\\/logo\\\/image\\\/\",\"url\":\"https:\\\/\\\/svatomarianskaput.sk\\\/wp-content\\\/uploads\\\/2022\\\/05\\\/logo-sk.svg\",\"contentUrl\":\"https:\\\/\\\/svatomarianskaput.sk\\\/wp-content\\\/uploads\\\/2022\\\/05\\\/logo-sk.svg\",\"caption\":\"Sv\u00e4tomari\u00e1nska p\u00fa\u0165\"},\"image\":{\"@id\":\"https:\\\/\\\/svatomarianskaput.sk\\\/pl\\\/#\\\/schema\\\/logo\\\/image\\\/\"}}]}<\/script>\n<!-- \/ Yoast SEO plugin. -->","yoast_head_json":{"title":"Ko\u015bci\u00f3\u0142 \u015bw. Jana Chrzciciela - Sv\u00e4tomari\u00e1nska p\u00fa\u0165","robots":{"index":"index","follow":"follow","max-snippet":"max-snippet:-1","max-image-preview":"max-image-preview:large","max-video-preview":"max-video-preview:-1"},"canonical":"https:\/\/svatomarianskaput.sk\/pl\/miesto\/kosciol-sw-jana-chrzciciela\/","og_locale":"pl_PL","og_type":"article","og_title":"Ko\u015bci\u00f3\u0142 \u015bw. Jana Chrzciciela - Sv\u00e4tomari\u00e1nska p\u00fa\u0165","og_description":"Ko\u015bci\u00f3\u0142 \u015bw. Jana Chrzciciela jest najwa\u017cniejsz\u0105 budowl\u0105 greckokatolick\u0105 w Preszowie.&nbsp;Pierwotnie by\u0142 to gotycki ko\u015bci\u00f3\u0142 jednonawowy, w XVII w. po\u0142\u0105czony z klasztorem minoryt\u00f3w, a w XVIII w. przebudowany w stylu barokowym do obecnej postaci. JJego korzenie si\u0119gaj\u0105 jednak pierwszej po\u0142owy XIV wieku, kiedy to na po\u0142udniowych obrze\u017cach Preszowa wybudowano ko\u015bci\u00f3\u0142 szpitalny pod wezwaniem Naj\u015bwi\u0119tszej Marii Panny. [&hellip;]","og_url":"https:\/\/svatomarianskaput.sk\/pl\/miesto\/kosciol-sw-jana-chrzciciela\/","og_site_name":"Sv\u00e4tomari\u00e1nska p\u00fa\u0165","article_modified_time":"2022-04-01T13:14:45+00:00","og_image":[{"width":800,"height":533,"url":"https:\/\/svatomarianskaput.sk\/wp-content\/uploads\/2021\/06\/greckokatolicky-chram-presov-foto-jano-stovka-mqep_full.jpg","type":"image\/jpeg"}],"twitter_card":"summary_large_image","twitter_misc":{"Szacowany czas czytania":"1 minuta"},"schema":{"@context":"https:\/\/schema.org","@graph":[{"@type":"WebPage","@id":"https:\/\/svatomarianskaput.sk\/pl\/miesto\/kosciol-sw-jana-chrzciciela\/","url":"https:\/\/svatomarianskaput.sk\/pl\/miesto\/kosciol-sw-jana-chrzciciela\/","name":"Ko\u015bci\u00f3\u0142 \u015bw. Jana Chrzciciela - Sv\u00e4tomari\u00e1nska p\u00fa\u0165","isPartOf":{"@id":"https:\/\/svatomarianskaput.sk\/pl\/#website"},"primaryImageOfPage":{"@id":"https:\/\/svatomarianskaput.sk\/pl\/miesto\/kosciol-sw-jana-chrzciciela\/#primaryimage"},"image":{"@id":"https:\/\/svatomarianskaput.sk\/pl\/miesto\/kosciol-sw-jana-chrzciciela\/#primaryimage"},"thumbnailUrl":"https:\/\/svatomarianskaput.sk\/wp-content\/uploads\/2021\/06\/greckokatolicky-chram-presov-foto-jano-stovka-mqep_full.jpg","datePublished":"2022-04-01T07:57:01+00:00","dateModified":"2022-04-01T13:14:45+00:00","breadcrumb":{"@id":"https:\/\/svatomarianskaput.sk\/pl\/miesto\/kosciol-sw-jana-chrzciciela\/#breadcrumb"},"inLanguage":"pl-PL","potentialAction":[{"@type":"ReadAction","target":["https:\/\/svatomarianskaput.sk\/pl\/miesto\/kosciol-sw-jana-chrzciciela\/"]}]},{"@type":"ImageObject","inLanguage":"pl-PL","@id":"https:\/\/svatomarianskaput.sk\/pl\/miesto\/kosciol-sw-jana-chrzciciela\/#primaryimage","url":"https:\/\/svatomarianskaput.sk\/wp-content\/uploads\/2021\/06\/greckokatolicky-chram-presov-foto-jano-stovka-mqep_full.jpg","contentUrl":"https:\/\/svatomarianskaput.sk\/wp-content\/uploads\/2021\/06\/greckokatolicky-chram-presov-foto-jano-stovka-mqep_full.jpg","width":800,"height":533},{"@type":"BreadcrumbList","@id":"https:\/\/svatomarianskaput.sk\/pl\/miesto\/kosciol-sw-jana-chrzciciela\/#breadcrumb","itemListElement":[{"@type":"ListItem","position":1,"name":"Domovsk\u00e1 str\u00e1nka","item":"https:\/\/svatomarianskaput.sk\/pl\/"},{"@type":"ListItem","position":2,"name":"Miejsca","item":"https:\/\/svatomarianskaput.sk\/pl\/miesta\/"},{"@type":"ListItem","position":3,"name":"Ko\u015bci\u00f3\u0142 \u015bw. Jana Chrzciciela"}]},{"@type":"WebSite","@id":"https:\/\/svatomarianskaput.sk\/pl\/#website","url":"https:\/\/svatomarianskaput.sk\/pl\/","name":"Sv\u00e4tomari\u00e1nska p\u00fa\u0165","description":"Vydaj sa na cestu (seba)poznania","publisher":{"@id":"https:\/\/svatomarianskaput.sk\/pl\/#organization"},"potentialAction":[{"@type":"SearchAction","target":{"@type":"EntryPoint","urlTemplate":"https:\/\/svatomarianskaput.sk\/pl\/?s={search_term_string}"},"query-input":{"@type":"PropertyValueSpecification","valueRequired":true,"valueName":"search_term_string"}}],"inLanguage":"pl-PL"},{"@type":"Organization","@id":"https:\/\/svatomarianskaput.sk\/pl\/#organization","name":"Sv\u00e4tomari\u00e1nska p\u00fa\u0165","url":"https:\/\/svatomarianskaput.sk\/pl\/","logo":{"@type":"ImageObject","inLanguage":"pl-PL","@id":"https:\/\/svatomarianskaput.sk\/pl\/#\/schema\/logo\/image\/","url":"https:\/\/svatomarianskaput.sk\/wp-content\/uploads\/2022\/05\/logo-sk.svg","contentUrl":"https:\/\/svatomarianskaput.sk\/wp-content\/uploads\/2022\/05\/logo-sk.svg","caption":"Sv\u00e4tomari\u00e1nska p\u00fa\u0165"},"image":{"@id":"https:\/\/svatomarianskaput.sk\/pl\/#\/schema\/logo\/image\/"}}]}},"_links":{"self":[{"href":"https:\/\/svatomarianskaput.sk\/pl\/wp-json\/wp\/v2\/miesto\/1968","targetHints":{"allow":["GET"]}}],"collection":[{"href":"https:\/\/svatomarianskaput.sk\/pl\/wp-json\/wp\/v2\/miesto"}],"about":[{"href":"https:\/\/svatomarianskaput.sk\/pl\/wp-json\/wp\/v2\/types\/miesto"}],"wp:featuredmedia":[{"embeddable":true,"href":"https:\/\/svatomarianskaput.sk\/pl\/wp-json\/wp\/v2\/media\/1493"}],"wp:attachment":[{"href":"https:\/\/svatomarianskaput.sk\/pl\/wp-json\/wp\/v2\/media?parent=1968"}],"wp:term":[{"taxonomy":"navstevnik","embeddable":true,"href":"https:\/\/svatomarianskaput.sk\/pl\/wp-json\/wp\/v2\/navstevnik?post=1968"},{"taxonomy":"zaujmy","embeddable":true,"href":"https:\/\/svatomarianskaput.sk\/pl\/wp-json\/wp\/v2\/zaujmy?post=1968"},{"taxonomy":"lokalita","embeddable":true,"href":"https:\/\/svatomarianskaput.sk\/pl\/wp-json\/wp\/v2\/lokalita?post=1968"}],"curies":[{"name":"wp","href":"https:\/\/api.w.org\/{rel}","templated":true}]}}